{"id":1548,"date":"2020-09-16T10:13:53","date_gmt":"2020-09-16T10:13:53","guid":{"rendered":"http:\/\/s836057108.onlinehome.fr\/properties\/mobilheim-pem-fuer-personen-mit-eingeschraenkter-mobilitaet"},"modified":"2022-06-04T15:45:54","modified_gmt":"2022-06-04T15:45:54","slug":"mobilheim-pem-fuer-personen-mit-eingeschraenkter-mobilitaet","status":"publish","type":"cpt_properties","link":"https:\/\/www.camping-les-sableres.com\/de\/properties\/mobilheim-pem-fuer-personen-mit-eingeschraenkter-mobilitaet","title":{"rendered":"Mobilheim PEM (Personen mit eingeschr\u00e4nkter Mobilit\u00e4t) 4 personen"},"content":{"rendered":"<div id=\"ToolTitleContainer\" class=\"row Content fs-equalize-element\">\n<div class=\"col-xs-12 col-sm-10 col-lg-10\">\n<p><img loading=\"lazy\" decoding=\"async\" class=\"wp-image-1211 size-full aligncenter\" src=\"http:\/\/s836057108.onlinehome.fr\/wp-content\/uploads\/2020\/07\/mobilhome-pmr-2.jpg\" alt=\"\" width=\"784\" height=\"588\" srcset=\"https:\/\/www.camping-les-sableres.com\/wp-content\/uploads\/2020\/07\/mobilhome-pmr-2.jpg 784w, https:\/\/www.camping-les-sableres.com\/wp-content\/uploads\/2020\/07\/mobilhome-pmr-2-300x225.jpg 300w, https:\/\/www.camping-les-sableres.com\/wp-content\/uploads\/2020\/07\/mobilhome-pmr-2-768x576.jpg 768w, https:\/\/www.camping-les-sableres.com\/wp-content\/uploads\/2020\/07\/mobilhome-pmr-2-370x278.jpg 370w, https:\/\/www.camping-les-sableres.com\/wp-content\/uploads\/2020\/07\/mobilhome-pmr-2-765x574.jpg 765w, https:\/\/www.camping-les-sableres.com\/wp-content\/uploads\/2020\/07\/mobilhome-pmr-2-407x305.jpg 407w\" sizes=\"auto, (max-width: 784px) 100vw, 784px\" \/><\/p>\n<p class=\"ToolTitle\" style=\"text-align: center;\">ein Mobilheim PEM f\u00fcr Personen mit eingeschr\u00e4nkter Mobilit\u00e4t mieten<br \/>\n<small class=\"small\">mit der Familie oder zwischen Freunden<\/small><\/p>\n<p>F\u00fcr einen Aufenthalt mit der Familie oder Freunden steht Ihnen unser <strong>Mobilheim PEM<\/strong>f\u00fcr einen komfortablen Urlaub zur Verf\u00fcgung. Dieses Mobilheim wurde speziell f\u00fcr Menschen mit eingeschr\u00e4nkter Mobilit\u00e4t entwickelt und bietet Komfort und Zug\u00e4nglichkeit.<\/p>\n<p>Niederlassen Sie sich im Schatten seiner Terrasse f\u00fcr eine Woche oder ein Wochenende (au\u00dferhalb der Saison)<\/p>\n<ul>\n<li>1 Wohnzimmer<\/li>\n<li>1 K\u00fcche (K\u00fchlschrank, Ceran-Kochplatte, Mirkrowelle, Senseo Kaffeemaschine, Geschirr)<\/li>\n<li>1 Schlafzimmer mit einem Doppelbett 160 cm<\/li>\n<li>1 Schlafzimmer mit 2 Einzelbetten 80cm<\/li>\n<li>Fernsehen, Klimaanlage, Bettdecken, Kopfkissen<\/li>\n<li>\u00dcberdachte Terrasse mit Gartenm\u00f6beln<\/li>\n<\/ul>\n<p><a href=\"https:\/\/www.camping-les-sableres.com\/wp-content\/uploads\/2022\/06\/Inventaire-Mobil-Home-Trigano-Optimeo-PMR-4p.pdf\">Siehe das Inventar<\/a><\/p>\n<p>&nbsp;<\/p>\n<div id='gallery-1' class='gallery galleryid-1548 gallery-columns-3 gallery-size-medium'><figure class='gallery-item'>\n\t\t\t<div class='gallery-icon landscape'>\n\t\t\t\t<a href='https:\/\/www.camping-les-sableres.com\/de\/properties\/mobilhome-evo-25-4-places\/mobilhome-pmr-2-2'><img loading=\"lazy\" decoding=\"async\" width=\"300\" height=\"225\" src=\"https:\/\/www.camping-les-sableres.com\/wp-content\/uploads\/2020\/07\/mobilhome-pmr-2-300x225.jpg\" class=\"attachment-medium size-medium\" alt=\"\" srcset=\"https:\/\/www.camping-les-sableres.com\/wp-content\/uploads\/2020\/07\/mobilhome-pmr-2-300x225.jpg 300w, https:\/\/www.camping-les-sableres.com\/wp-content\/uploads\/2020\/07\/mobilhome-pmr-2-768x576.jpg 768w, https:\/\/www.camping-les-sableres.com\/wp-content\/uploads\/2020\/07\/mobilhome-pmr-2-370x278.jpg 370w, https:\/\/www.camping-les-sableres.com\/wp-content\/uploads\/2020\/07\/mobilhome-pmr-2-765x574.jpg 765w, https:\/\/www.camping-les-sableres.com\/wp-content\/uploads\/2020\/07\/mobilhome-pmr-2-407x305.jpg 407w, https:\/\/www.camping-les-sableres.com\/wp-content\/uploads\/2020\/07\/mobilhome-pmr-2.jpg 784w\" sizes=\"auto, (max-width: 300px) 100vw, 300px\" \/><\/a>\n\t\t\t<\/div><\/figure><figure class='gallery-item'>\n\t\t\t<div class='gallery-icon landscape'>\n\t\t\t\t<a href='https:\/\/www.camping-les-sableres.com\/de\/properties\/mobilhome-evo-25-4-places\/mobilhome-pmr-6-2'><img loading=\"lazy\" decoding=\"async\" width=\"300\" height=\"225\" src=\"https:\/\/www.camping-les-sableres.com\/wp-content\/uploads\/2020\/07\/mobilhome-pmr-6-300x225.jpg\" class=\"attachment-medium size-medium\" alt=\"\" srcset=\"https:\/\/www.camping-les-sableres.com\/wp-content\/uploads\/2020\/07\/mobilhome-pmr-6-300x225.jpg 300w, https:\/\/www.camping-les-sableres.com\/wp-content\/uploads\/2020\/07\/mobilhome-pmr-6-768x576.jpg 768w, https:\/\/www.camping-les-sableres.com\/wp-content\/uploads\/2020\/07\/mobilhome-pmr-6-370x278.jpg 370w, https:\/\/www.camping-les-sableres.com\/wp-content\/uploads\/2020\/07\/mobilhome-pmr-6-765x574.jpg 765w, https:\/\/www.camping-les-sableres.com\/wp-content\/uploads\/2020\/07\/mobilhome-pmr-6-407x305.jpg 407w, https:\/\/www.camping-les-sableres.com\/wp-content\/uploads\/2020\/07\/mobilhome-pmr-6.jpg 784w\" sizes=\"auto, (max-width: 300px) 100vw, 300px\" \/><\/a>\n\t\t\t<\/div><\/figure><figure class='gallery-item'>\n\t\t\t<div class='gallery-icon landscape'>\n\t\t\t\t<a href='https:\/\/www.camping-les-sableres.com\/de\/properties\/mobilhome-evo-25-4-places\/mobilhome-pmr-5-2'><img loading=\"lazy\" decoding=\"async\" width=\"300\" height=\"225\" src=\"https:\/\/www.camping-les-sableres.com\/wp-content\/uploads\/2020\/07\/mobilhome-pmr-5-300x225.jpg\" class=\"attachment-medium size-medium\" alt=\"\" srcset=\"https:\/\/www.camping-les-sableres.com\/wp-content\/uploads\/2020\/07\/mobilhome-pmr-5-300x225.jpg 300w, https:\/\/www.camping-les-sableres.com\/wp-content\/uploads\/2020\/07\/mobilhome-pmr-5-768x576.jpg 768w, https:\/\/www.camping-les-sableres.com\/wp-content\/uploads\/2020\/07\/mobilhome-pmr-5-370x278.jpg 370w, https:\/\/www.camping-les-sableres.com\/wp-content\/uploads\/2020\/07\/mobilhome-pmr-5-765x574.jpg 765w, https:\/\/www.camping-les-sableres.com\/wp-content\/uploads\/2020\/07\/mobilhome-pmr-5-407x305.jpg 407w, https:\/\/www.camping-les-sableres.com\/wp-content\/uploads\/2020\/07\/mobilhome-pmr-5.jpg 784w\" sizes=\"auto, (max-width: 300px) 100vw, 300px\" \/><\/a>\n\t\t\t<\/div><\/figure><figure class='gallery-item'>\n\t\t\t<div class='gallery-icon landscape'>\n\t\t\t\t<a href='https:\/\/www.camping-les-sableres.com\/de\/properties\/mobilhome-evo-25-4-places\/mobilhome-pmr-4-2'><img loading=\"lazy\" decoding=\"async\" width=\"300\" height=\"225\" src=\"https:\/\/www.camping-les-sableres.com\/wp-content\/uploads\/2020\/07\/mobilhome-pmr-4-300x225.jpg\" class=\"attachment-medium size-medium\" alt=\"\" srcset=\"https:\/\/www.camping-les-sableres.com\/wp-content\/uploads\/2020\/07\/mobilhome-pmr-4-300x225.jpg 300w, https:\/\/www.camping-les-sableres.com\/wp-content\/uploads\/2020\/07\/mobilhome-pmr-4-768x576.jpg 768w, https:\/\/www.camping-les-sableres.com\/wp-content\/uploads\/2020\/07\/mobilhome-pmr-4-370x278.jpg 370w, https:\/\/www.camping-les-sableres.com\/wp-content\/uploads\/2020\/07\/mobilhome-pmr-4-765x574.jpg 765w, https:\/\/www.camping-les-sableres.com\/wp-content\/uploads\/2020\/07\/mobilhome-pmr-4-407x305.jpg 407w, https:\/\/www.camping-les-sableres.com\/wp-content\/uploads\/2020\/07\/mobilhome-pmr-4.jpg 784w\" sizes=\"auto, (max-width: 300px) 100vw, 300px\" \/><\/a>\n\t\t\t<\/div><\/figure><figure class='gallery-item'>\n\t\t\t<div class='gallery-icon landscape'>\n\t\t\t\t<a href='https:\/\/www.camping-les-sableres.com\/de\/properties\/mobilhome-evo-25-4-places\/mobilhome-pmr-3-2'><img loading=\"lazy\" decoding=\"async\" width=\"300\" height=\"225\" src=\"https:\/\/www.camping-les-sableres.com\/wp-content\/uploads\/2020\/07\/mobilhome-pmr-3-300x225.jpg\" class=\"attachment-medium size-medium\" alt=\"\" srcset=\"https:\/\/www.camping-les-sableres.com\/wp-content\/uploads\/2020\/07\/mobilhome-pmr-3-300x225.jpg 300w, https:\/\/www.camping-les-sableres.com\/wp-content\/uploads\/2020\/07\/mobilhome-pmr-3-768x576.jpg 768w, https:\/\/www.camping-les-sableres.com\/wp-content\/uploads\/2020\/07\/mobilhome-pmr-3-370x278.jpg 370w, https:\/\/www.camping-les-sableres.com\/wp-content\/uploads\/2020\/07\/mobilhome-pmr-3-765x574.jpg 765w, https:\/\/www.camping-les-sableres.com\/wp-content\/uploads\/2020\/07\/mobilhome-pmr-3-407x305.jpg 407w, https:\/\/www.camping-les-sableres.com\/wp-content\/uploads\/2020\/07\/mobilhome-pmr-3.jpg 784w\" sizes=\"auto, (max-width: 300px) 100vw, 300px\" \/><\/a>\n\t\t\t<\/div><\/figure><figure class='gallery-item'>\n\t\t\t<div class='gallery-icon landscape'>\n\t\t\t\t<a href='https:\/\/www.camping-les-sableres.com\/de\/properties\/mobilhome-evo-25-4-places\/mobilhome-pmr-1-2'><img loading=\"lazy\" decoding=\"async\" width=\"300\" height=\"225\" src=\"https:\/\/www.camping-les-sableres.com\/wp-content\/uploads\/2020\/07\/mobilhome-pmr-1-300x225.jpg\" class=\"attachment-medium size-medium\" alt=\"\" srcset=\"https:\/\/www.camping-les-sableres.com\/wp-content\/uploads\/2020\/07\/mobilhome-pmr-1-300x225.jpg 300w, https:\/\/www.camping-les-sableres.com\/wp-content\/uploads\/2020\/07\/mobilhome-pmr-1-768x576.jpg 768w, https:\/\/www.camping-les-sableres.com\/wp-content\/uploads\/2020\/07\/mobilhome-pmr-1-370x278.jpg 370w, https:\/\/www.camping-les-sableres.com\/wp-content\/uploads\/2020\/07\/mobilhome-pmr-1-765x574.jpg 765w, https:\/\/www.camping-les-sableres.com\/wp-content\/uploads\/2020\/07\/mobilhome-pmr-1-407x305.jpg 407w, https:\/\/www.camping-les-sableres.com\/wp-content\/uploads\/2020\/07\/mobilhome-pmr-1.jpg 784w\" sizes=\"auto, (max-width: 300px) 100vw, 300px\" \/><\/a>\n\t\t\t<\/div><\/figure>\n\t\t<\/div>\n\n<\/div>\n<\/div>\n","protected":false},"excerpt":{"rendered":"<p>ein Mobilheim PEM f\u00fcr Personen mit eingeschr\u00e4nkter Mobilit\u00e4t mieten mit der Familie oder zwischen Freunden F\u00fcr einen Aufenthalt mit der Familie oder Freunden steht Ihnen unser Mobilheim PEMf\u00fcr einen komfortablen Urlaub zur Verf\u00fcgung. Dieses Mobilheim wurde speziell f\u00fcr Menschen mit eingeschr\u00e4nkter Mobilit\u00e4t entwickelt und bietet Komfort und Zug\u00e4nglichkeit. Niederlassen Sie sich im Schatten seiner Terrasse f\u00fcr eine Woche oder ein&hellip;<\/p>\n","protected":false},"author":1,"featured_media":0,"comment_status":"closed","ping_status":"closed","template":"","class_list":["post-1548","cpt_properties","type-cpt_properties","status-publish","hentry","cpt_properties_type-mobilheim-4-personnen","cpt_properties_features-170","cpt_properties_features-1-schlafzimmer-mit-2-einzelbetten-80-cm","cpt_properties_features-1-schlafzimmer-mit-einem-doppelbett-160-cm","cpt_properties_features-daunendeckes-und-kissen","cpt_properties_features-klimaanlage","cpt_properties_features-kochniche","cpt_properties_features-parking-de","cpt_properties_features-wc-de","cpt_properties_features-tv-de","cpt_properties_features-uberdachte-terrasse","cpt_properties_features-wifi-de"],"yoast_head":"<!-- This site is optimized with the Yoast SEO plugin v26.8 - https:\/\/yoast.com\/product\/yoast-seo-wordpress\/ -->\n<title>Mobilheim PEM (Personen mit eingeschr\u00e4nkter Mobilit\u00e4t) 4 personen -<\/title>\n<meta name=\"robots\" content=\"index, follow, max-snippet:-1, max-image-preview:large, max-video-preview:-1\" \/>\n<link rel=\"canonical\" href=\"https:\/\/www.camping-les-sableres.com\/properties\/mobilhome-evo-25-4-places\" \/>\n<meta property=\"og:locale\" content=\"de_DE\" \/>\n<meta property=\"og:type\" content=\"article\" \/>\n<meta property=\"og:title\" content=\"Mobilheim PEM (Personen mit eingeschr\u00e4nkter Mobilit\u00e4t) 4 personen -\" \/>\n<meta property=\"og:description\" content=\"ein Mobilheim PEM f\u00fcr Personen mit eingeschr\u00e4nkter Mobilit\u00e4t mieten mit der Familie oder zwischen Freunden F\u00fcr einen Aufenthalt mit der Familie oder Freunden steht Ihnen unser Mobilheim PEMf\u00fcr einen komfortablen Urlaub zur Verf\u00fcgung. Dieses Mobilheim wurde speziell f\u00fcr Menschen mit eingeschr\u00e4nkter Mobilit\u00e4t entwickelt und bietet Komfort und Zug\u00e4nglichkeit. Niederlassen Sie sich im Schatten seiner Terrasse f\u00fcr eine Woche oder ein&hellip;\" \/>\n<meta property=\"og:url\" content=\"https:\/\/www.camping-les-sableres.com\/properties\/mobilhome-evo-25-4-places\" \/>\n<meta property=\"article:modified_time\" content=\"2022-06-04T15:45:54+00:00\" \/>\n<meta property=\"og:image\" content=\"https:\/\/www.camping-les-sableres.com\/wp-content\/uploads\/2020\/07\/mobilhome-pmr-2-300x225.jpg\" \/>\n<meta name=\"twitter:card\" content=\"summary_large_image\" \/>\n<meta name=\"twitter:label1\" content=\"Gesch\u00e4tzte Lesezeit\" \/>\n\t<meta name=\"twitter:data1\" content=\"1\u00a0Minute\" \/>\n<script type=\"application\/ld+json\" class=\"yoast-schema-graph\">{\"@context\":\"https:\/\/schema.org\",\"@graph\":[{\"@type\":\"WebPage\",\"@id\":\"https:\/\/www.camping-les-sableres.com\/properties\/mobilhome-evo-25-4-places\",\"url\":\"https:\/\/www.camping-les-sableres.com\/properties\/mobilhome-evo-25-4-places\",\"name\":\"Mobilheim PEM (Personen mit eingeschr\u00e4nkter Mobilit\u00e4t) 4 personen -\",\"isPartOf\":{\"@id\":\"https:\/\/www.camping-les-sableres.com\/#website\"},\"primaryImageOfPage\":{\"@id\":\"https:\/\/www.camping-les-sableres.com\/properties\/mobilhome-evo-25-4-places#primaryimage\"},\"image\":{\"@id\":\"https:\/\/www.camping-les-sableres.com\/properties\/mobilhome-evo-25-4-places#primaryimage\"},\"thumbnailUrl\":\"http:\/\/s836057108.onlinehome.fr\/wp-content\/uploads\/2020\/07\/mobilhome-pmr-2.jpg\",\"datePublished\":\"2020-09-16T10:13:53+00:00\",\"dateModified\":\"2022-06-04T15:45:54+00:00\",\"breadcrumb\":{\"@id\":\"https:\/\/www.camping-les-sableres.com\/properties\/mobilhome-evo-25-4-places#breadcrumb\"},\"inLanguage\":\"de\",\"potentialAction\":[{\"@type\":\"ReadAction\",\"target\":[\"https:\/\/www.camping-les-sableres.com\/properties\/mobilhome-evo-25-4-places\"]}]},{\"@type\":\"ImageObject\",\"inLanguage\":\"de\",\"@id\":\"https:\/\/www.camping-les-sableres.com\/properties\/mobilhome-evo-25-4-places#primaryimage\",\"url\":\"http:\/\/s836057108.onlinehome.fr\/wp-content\/uploads\/2020\/07\/mobilhome-pmr-2.jpg\",\"contentUrl\":\"http:\/\/s836057108.onlinehome.fr\/wp-content\/uploads\/2020\/07\/mobilhome-pmr-2.jpg\"},{\"@type\":\"BreadcrumbList\",\"@id\":\"https:\/\/www.camping-les-sableres.com\/properties\/mobilhome-evo-25-4-places#breadcrumb\",\"itemListElement\":[{\"@type\":\"ListItem\",\"position\":1,\"name\":\"Accueil\",\"item\":\"https:\/\/www.camping-les-sableres.com\/de\"},{\"@type\":\"ListItem\",\"position\":2,\"name\":\"Properties\",\"item\":\"https:\/\/www.camping-les-sableres.com\/en\/properties\"},{\"@type\":\"ListItem\",\"position\":3,\"name\":\"Mobilheim PEM (Personen mit eingeschr\u00e4nkter Mobilit\u00e4t) 4 personen\"}]},{\"@type\":\"WebSite\",\"@id\":\"https:\/\/www.camping-les-sableres.com\/#website\",\"url\":\"https:\/\/www.camping-les-sableres.com\/\",\"name\":\"\",\"description\":\"\",\"potentialAction\":[{\"@type\":\"SearchAction\",\"target\":{\"@type\":\"EntryPoint\",\"urlTemplate\":\"https:\/\/www.camping-les-sableres.com\/?s={search_term_string}\"},\"query-input\":{\"@type\":\"PropertyValueSpecification\",\"valueRequired\":true,\"valueName\":\"search_term_string\"}}],\"inLanguage\":\"de\"}]}<\/script>\n<!-- \/ Yoast SEO plugin. -->","yoast_head_json":{"title":"Mobilheim PEM (Personen mit eingeschr\u00e4nkter Mobilit\u00e4t) 4 personen -","robots":{"index":"index","follow":"follow","max-snippet":"max-snippet:-1","max-image-preview":"max-image-preview:large","max-video-preview":"max-video-preview:-1"},"canonical":"https:\/\/www.camping-les-sableres.com\/properties\/mobilhome-evo-25-4-places","og_locale":"de_DE","og_type":"article","og_title":"Mobilheim PEM (Personen mit eingeschr\u00e4nkter Mobilit\u00e4t) 4 personen -","og_description":"ein Mobilheim PEM f\u00fcr Personen mit eingeschr\u00e4nkter Mobilit\u00e4t mieten mit der Familie oder zwischen Freunden F\u00fcr einen Aufenthalt mit der Familie oder Freunden steht Ihnen unser Mobilheim PEMf\u00fcr einen komfortablen Urlaub zur Verf\u00fcgung. Dieses Mobilheim wurde speziell f\u00fcr Menschen mit eingeschr\u00e4nkter Mobilit\u00e4t entwickelt und bietet Komfort und Zug\u00e4nglichkeit. Niederlassen Sie sich im Schatten seiner Terrasse f\u00fcr eine Woche oder ein&hellip;","og_url":"https:\/\/www.camping-les-sableres.com\/properties\/mobilhome-evo-25-4-places","article_modified_time":"2022-06-04T15:45:54+00:00","og_image":[{"url":"https:\/\/www.camping-les-sableres.com\/wp-content\/uploads\/2020\/07\/mobilhome-pmr-2-300x225.jpg","type":"","width":"","height":""}],"twitter_card":"summary_large_image","twitter_misc":{"Gesch\u00e4tzte Lesezeit":"1\u00a0Minute"},"schema":{"@context":"https:\/\/schema.org","@graph":[{"@type":"WebPage","@id":"https:\/\/www.camping-les-sableres.com\/properties\/mobilhome-evo-25-4-places","url":"https:\/\/www.camping-les-sableres.com\/properties\/mobilhome-evo-25-4-places","name":"Mobilheim PEM (Personen mit eingeschr\u00e4nkter Mobilit\u00e4t) 4 personen -","isPartOf":{"@id":"https:\/\/www.camping-les-sableres.com\/#website"},"primaryImageOfPage":{"@id":"https:\/\/www.camping-les-sableres.com\/properties\/mobilhome-evo-25-4-places#primaryimage"},"image":{"@id":"https:\/\/www.camping-les-sableres.com\/properties\/mobilhome-evo-25-4-places#primaryimage"},"thumbnailUrl":"http:\/\/s836057108.onlinehome.fr\/wp-content\/uploads\/2020\/07\/mobilhome-pmr-2.jpg","datePublished":"2020-09-16T10:13:53+00:00","dateModified":"2022-06-04T15:45:54+00:00","breadcrumb":{"@id":"https:\/\/www.camping-les-sableres.com\/properties\/mobilhome-evo-25-4-places#breadcrumb"},"inLanguage":"de","potentialAction":[{"@type":"ReadAction","target":["https:\/\/www.camping-les-sableres.com\/properties\/mobilhome-evo-25-4-places"]}]},{"@type":"ImageObject","inLanguage":"de","@id":"https:\/\/www.camping-les-sableres.com\/properties\/mobilhome-evo-25-4-places#primaryimage","url":"http:\/\/s836057108.onlinehome.fr\/wp-content\/uploads\/2020\/07\/mobilhome-pmr-2.jpg","contentUrl":"http:\/\/s836057108.onlinehome.fr\/wp-content\/uploads\/2020\/07\/mobilhome-pmr-2.jpg"},{"@type":"BreadcrumbList","@id":"https:\/\/www.camping-les-sableres.com\/properties\/mobilhome-evo-25-4-places#breadcrumb","itemListElement":[{"@type":"ListItem","position":1,"name":"Accueil","item":"https:\/\/www.camping-les-sableres.com\/de"},{"@type":"ListItem","position":2,"name":"Properties","item":"https:\/\/www.camping-les-sableres.com\/en\/properties"},{"@type":"ListItem","position":3,"name":"Mobilheim PEM (Personen mit eingeschr\u00e4nkter Mobilit\u00e4t) 4 personen"}]},{"@type":"WebSite","@id":"https:\/\/www.camping-les-sableres.com\/#website","url":"https:\/\/www.camping-les-sableres.com\/","name":"","description":"","potentialAction":[{"@type":"SearchAction","target":{"@type":"EntryPoint","urlTemplate":"https:\/\/www.camping-les-sableres.com\/?s={search_term_string}"},"query-input":{"@type":"PropertyValueSpecification","valueRequired":true,"valueName":"search_term_string"}}],"inLanguage":"de"}]}},"_links":{"self":[{"href":"https:\/\/www.camping-les-sableres.com\/de\/wp-json\/wp\/v2\/cpt_properties\/1548","targetHints":{"allow":["GET"]}}],"collection":[{"href":"https:\/\/www.camping-les-sableres.com\/de\/wp-json\/wp\/v2\/cpt_properties"}],"about":[{"href":"https:\/\/www.camping-les-sableres.com\/de\/wp-json\/wp\/v2\/types\/cpt_properties"}],"author":[{"embeddable":true,"href":"https:\/\/www.camping-les-sableres.com\/de\/wp-json\/wp\/v2\/users\/1"}],"replies":[{"embeddable":true,"href":"https:\/\/www.camping-les-sableres.com\/de\/wp-json\/wp\/v2\/comments?post=1548"}],"wp:attachment":[{"href":"https:\/\/www.camping-les-sableres.com\/de\/wp-json\/wp\/v2\/media?parent=1548"}],"curies":[{"name":"wp","href":"https:\/\/api.w.org\/{rel}","templated":true}]}}